{"id":3806,"date":"2017-02-11T11:12:10","date_gmt":"2017-02-11T10:12:10","guid":{"rendered":"https:\/\/cyclesdevos.be\/accueil\/"},"modified":"2026-04-21T11:28:16","modified_gmt":"2026-04-21T09:28:16","slug":"accueil","status":"publish","type":"page","link":"https:\/\/cyclesdevos.be\/de\/","title":{"rendered":"Startseite"},"content":{"rendered":"<div class=\"row row-box-shadow-3 row-box-shadow-5-hover\"  id=\"row-371432732\">\n\n\t<div id=\"col-72841161\" class=\"col medium-3 small-6 large-3\"  >\n\t\t\t\t<div class=\"col-inner text-left text-shadow-3\"  >\n\t\t\t\n\t\t\t\n\n  <div class=\"banner has-hover\" id=\"banner-452066561\">\n          <div class=\"banner-inner fill\">\n        <div class=\"banner-bg fill\" >\n            <img loading=\"lazy\" decoding=\"async\" width=\"768\" height=\"1024\" src=\"https:\/\/cyclesdevos.be\/wp-content\/uploads\/2020\/02\/Photo_Ve\u0301lo-768x1024.jpg\" class=\"bg attachment-large size-large\" alt=\"\" \/>                        <div class=\"overlay\"><\/div>            \n                    <\/div>\n\t\t\n        <div class=\"banner-layers container\">\n            <a class=\"fill\" href=\"https:\/\/cyclesdevos.be\/product-category\/velos\/\"><div class=\"fill banner-link\"><\/div><\/a>            \n   <div id=\"text-box-1550973407\" class=\"text-box banner-layer x50 md-x50 lg-x50 y20 md-y90 lg-y90 res-text\">\n                                <div class=\"text-box-content text dark\">\n              \n              <div class=\"text-inner text-center\">\n                  \n<h2 class=\"uppercase\" style=\"text-align: center\"><a href=\"http:\/\/cyclesdevos.be\/categorie-produit\/velos\/\"><span style=\"font-size: 75%\"><strong>Velos<\/strong><\/span><\/a><\/h2>\n<div id=\"gtx-trans\">\n<div class=\"gtx-trans-icon\">\u00a0<\/div>\n<\/div>\n              <\/div>\n           <\/div>\n                            \n<style>\n#text-box-1550973407 {\n  width: 80%;\n}\n#text-box-1550973407 .text-box-content {\n  font-size: 122%;\n}\n@media (min-width:550px) {\n  #text-box-1550973407 .text-box-content {\n    font-size: 100%;\n  }\n}\n<\/style>\n    <\/div>\n \n        <\/div>\n      <\/div>\n\n            \n<style>\n#banner-452066561 {\n  padding-top: 50%;\n}\n#banner-452066561 .overlay {\n  background-color: rgba(0,0,0,.5);\n}\n<\/style>\n  <\/div>\n\n\n\t\t<\/div>\n\t\t\t\t\t<\/div>\n\n\t\n\n\t<div id=\"col-1694358928\" class=\"col medium-3 small-6 large-3\"  >\n\t\t\t\t<div class=\"col-inner text-center\"  >\n\t\t\t\n\t\t\t\n\n  <div class=\"banner has-hover\" id=\"banner-472801453\">\n          <div class=\"banner-inner fill\">\n        <div class=\"banner-bg fill\" >\n            <img loading=\"lazy\" decoding=\"async\" width=\"907\" height=\"1209\" src=\"https:\/\/cyclesdevos.be\/wp-content\/uploads\/2020\/02\/Photo_Sooters_electrique.jpg\" class=\"bg attachment-original size-original\" alt=\"\" \/>                        <div class=\"overlay\"><\/div>            \n                    <\/div>\n\t\t\n        <div class=\"banner-layers container\">\n            <a class=\"fill\" href=\"https:\/\/cyclesdevos.be\/product-category\/velos-electriques\/\"><div class=\"fill banner-link\"><\/div><\/a>            \n   <div id=\"text-box-1216421046\" class=\"text-box banner-layer x50 md-x50 lg-x50 y5 md-y90 lg-y90 res-text\">\n                                <div class=\"text-box-content text dark\">\n              \n              <div class=\"text-inner text-left\">\n                  \n<h2 class=\"uppercase\" style=\"text-align: center\"><a href=\"https:\/\/cyclesdevos.be\/product-category\/velos-electriques\/\"><span style=\"font-size: 75%\"><strong>Velos \u00c9LECTRIQUES<\/strong><\/span><\/a><\/h2>\n<div id=\"gtx-trans\">\n<div class=\"gtx-trans-icon\">\u00a0<\/div>\n<\/div>\n              <\/div>\n           <\/div>\n                            \n<style>\n#text-box-1216421046 {\n  width: 100%;\n}\n#text-box-1216421046 .text-box-content {\n  font-size: 88%;\n}\n@media (min-width:550px) {\n  #text-box-1216421046 {\n    width: 80%;\n  }\n  #text-box-1216421046 .text-box-content {\n    font-size: 100%;\n  }\n}\n<\/style>\n    <\/div>\n \n        <\/div>\n      <\/div>\n\n            \n<style>\n#banner-472801453 {\n  padding-top: 50%;\n}\n#banner-472801453 .overlay {\n  background-color: rgba(0,0,0,.5);\n}\n<\/style>\n  <\/div>\n\n\n\t\t<\/div>\n\t\t\t\t\t<\/div>\n\n\t\n\n\t<div id=\"col-445635901\" class=\"col medium-3 small-6 large-3\"  >\n\t\t\t\t<div class=\"col-inner\"  >\n\t\t\t\n\t\t\t\n\n  <div class=\"banner has-hover\" id=\"banner-1740598161\">\n          <div class=\"banner-inner fill\">\n        <div class=\"banner-bg fill\" >\n            <img loading=\"lazy\" decoding=\"async\" width=\"1210\" height=\"1613\" src=\"https:\/\/cyclesdevos.be\/wp-content\/uploads\/2020\/02\/Photo_scotters.jpg\" class=\"bg attachment-original size-original\" alt=\"\" \/>                        <div class=\"overlay\"><\/div>            \n                    <\/div>\n\t\t\n        <div class=\"banner-layers container\">\n            <a class=\"fill\" href=\"https:\/\/cyclesdevos.be\/product-category\/scooters\/\"><div class=\"fill banner-link\"><\/div><\/a>            \n   <div id=\"text-box-1408260574\" class=\"text-box banner-layer x5 md-x50 lg-x50 y50 md-y90 lg-y90 res-text\">\n                                <div class=\"text-box-content text dark\">\n              \n              <div class=\"text-inner text-center\">\n                  \n<h2 class=\"uppercase\" style=\"text-align: center\"><a href=\"https:\/\/cyclesdevos.be\/product-category\/scooters\/\"><span style=\"font-size: 75%\"><strong>Scooters<\/strong><\/span><\/a><\/h2>\n<div id=\"gtx-trans\">\n<div class=\"gtx-trans-icon\">\u00a0<\/div>\n<\/div>\n              <\/div>\n           <\/div>\n                            \n<style>\n#text-box-1408260574 {\n  width: 80%;\n}\n#text-box-1408260574 .text-box-content {\n  font-size: 104%;\n}\n@media (min-width:550px) {\n  #text-box-1408260574 .text-box-content {\n    font-size: 100%;\n  }\n}\n<\/style>\n    <\/div>\n \n        <\/div>\n      <\/div>\n\n            \n<style>\n#banner-1740598161 {\n  padding-top: 50%;\n}\n#banner-1740598161 .overlay {\n  background-color: rgba(0,0,0,.5);\n}\n#banner-1740598161 .banner-bg img {\n  object-position: 5% 53%;\n}\n<\/style>\n  <\/div>\n\n\n\t\t<\/div>\n\t\t\t\t\t<\/div>\n\n\t\n\n\t<div id=\"col-806195512\" class=\"col medium-3 small-6 large-3\"  >\n\t\t\t\t<div class=\"col-inner\"  >\n\t\t\t\n\t\t\t\n\n  <div class=\"banner has-hover\" id=\"banner-849907405\">\n          <div class=\"banner-inner fill\">\n        <div class=\"banner-bg fill\" >\n            <img loading=\"lazy\" decoding=\"async\" width=\"1000\" height=\"791\" src=\"https:\/\/cyclesdevos.be\/wp-content\/uploads\/2020\/02\/design-super-soco-cu-x-scooter-electrique-1000x791.jpg\" class=\"bg attachment-original size-original\" alt=\"\" \/>                        <div class=\"overlay\"><\/div>            \n                    <\/div>\n\t\t\n        <div class=\"banner-layers container\">\n            <a class=\"fill\" href=\"https:\/\/cyclesdevos.be\/product-category\/e-scooter-e-moto\/\"><div class=\"fill banner-link\"><\/div><\/a>            \n   <div id=\"text-box-1045176830\" class=\"text-box banner-layer x50 md-x50 lg-x50 y50 md-y50 lg-y90 res-text\">\n                                <div class=\"text-box-content text dark\">\n              \n              <div class=\"text-inner text-center\">\n                  \n<h2 class=\"uppercase\" style=\"text-align: center\"><a href=\"https:\/\/cyclesdevos.be\/e-mobility\/\"><span style=\"font-size: 75%\"><strong>E-Mobility<\/strong><\/span><\/a><\/h2>\n<div id=\"gtx-trans\">\n<div class=\"gtx-trans-icon\">\u00a0<\/div>\n<\/div>\n              <\/div>\n           <\/div>\n                            \n<style>\n#text-box-1045176830 {\n  width: 80%;\n}\n#text-box-1045176830 .text-box-content {\n  font-size: 100%;\n}\n<\/style>\n    <\/div>\n \n        <\/div>\n      <\/div>\n\n            \n<style>\n#banner-849907405 {\n  padding-top: 50%;\n}\n#banner-849907405 .overlay {\n  background-color: rgba(0,0,0,.5);\n}\n#banner-849907405 .banner-bg img {\n  object-position: 51% 62%;\n}\n<\/style>\n  <\/div>\n\n\n\t\t<\/div>\n\t\t\t\t\t<\/div>\n\n\t\n<\/div>\n\n\t<section class=\"section section-searchbox-home\" id=\"section_202826779\">\n\t\t<div class=\"section-bg fill\" >\n\t\t\t\t\t\t\t\t\t<div class=\"section-bg-overlay absolute fill\"><\/div>\n\t\t\t\n\t<div class=\"is-border is-dotted\"\n\t\tstyle=\"border-color:rgb(0, 0, 0);border-width:3px 0px 3px 0px;margin:24px 0px 60px 0px;\">\n\t<\/div>\n\n\t\t<\/div>\n\n\t\t\n\n\t\t<div class=\"section-content relative\">\n\t\t\t\n<div class=\"row align-middle align-center\"  id=\"row-1375780035\">\n\n\t<div id=\"col-823442556\" class=\"col small-12 large-12\"  >\n\t\t\t\t<div class=\"col-inner text-center\"  >\n\t\t\t\n\t\t\t\n<div class=\"ux-logo has-hover align-middle ux_logo inline-block\" style=\"max-width: 100%!important; width: 257.27272727273px!important\"><div class=\"ux-logo-link block image-\" title=\"\" href=\"\" style=\"padding: 15px;\"><img decoding=\"async\" src=\"https:\/\/cyclesdevos.be\/wp-content\/uploads\/2017\/02\/logo.jpg\" title=\"\" alt=\"\" class=\"ux-logo-image block\" style=\"height:50px;\" \/><\/div><\/div>\n\t\t<\/div>\n\t\t\t\t\t<\/div>\n\n\t\n<\/div>\n<div class=\"row\"  id=\"row-546035985\">\n\n\t<div id=\"col-1554361207\" class=\"col small-12 large-12\"  >\n\t\t\t\t<div class=\"col-inner text-center\"  >\n\t\t\t\n\t\t\t\n<div class=\"searchform-wrapper ux-search-box relative searchbox-home form-flat is-xlarge\"><form role=\"search\" method=\"get\" class=\"searchform\" action=\"https:\/\/cyclesdevos.be\/de\/\">\n\t<div class=\"flex-row relative\">\n\t\t\t\t\t\t<div class=\"flex-col flex-grow\">\n\t\t\t<label class=\"screen-reader-text\" for=\"woocommerce-product-search-field-0\">Suche nach:<\/label>\n\t\t\t<input type=\"search\" id=\"woocommerce-product-search-field-0\" class=\"search-field mb-0\" placeholder=\"Trouvez ce que vous cherchez en un instant ...\" value=\"\" name=\"s\" \/>\n\t\t\t<input type=\"hidden\" name=\"post_type\" value=\"product\" \/>\n\t\t\t\t\t<\/div>\n\t\t<div class=\"flex-col\">\n\t\t\t<button type=\"submit\" value=\"Suche\" class=\"ux-search-submit submit-button secondary button  icon mb-0\" aria-label=\"\u00dcbermitteln\">\n\t\t\t\t<i class=\"icon-search\" aria-hidden=\"true\"><\/i>\t\t\t<\/button>\n\t\t<\/div>\n\t<\/div>\n\t<div class=\"live-search-results text-left z-top\"><\/div>\n<\/form>\n<\/div>\n<div class=\"row\"  id=\"row-1446777076\">\n\n\t<div id=\"col-411632255\" class=\"col small-12 large-12\"  >\n\t\t\t\t<div class=\"col-inner\"  >\n\t\t\t\n\t\t\t\n<a href=\"https:\/\/cyclesdevos.be\/catalogue\/\" class=\"button primary is-small\" style=\"border-radius:99px;\">\n\t\t<span>Boutique<\/span>\n\t<\/a>\n\n<a href=\"https:\/\/cyclesdevos.be\/routing\/\" class=\"button primary is-small\" style=\"border-radius:99px;\">\n\t\t<span>Routing<\/span>\n\t<\/a>\n\n<a href=\"https:\/\/cyclesdevos.be\/contact\/\" class=\"button primary is-small\" style=\"border-radius:99px;\">\n\t\t<span>Contact<\/span>\n\t<\/a>\n\n\t\t<\/div>\n\t\t\t\t\n<style>\n#col-411632255 > .col-inner {\n  padding: 14px 0px 0px 0px;\n}\n<\/style>\n\t<\/div>\n\n\t\n<\/div>\n\t\t<\/div>\n\t\t\t\t\t<\/div>\n\n\t\n<\/div>\n\t\t<\/div>\n\n\t\t\n<style>\n#section_202826779 {\n  padding-top: 60px;\n  padding-bottom: 60px;\n}\n#section_202826779 .section-bg-overlay {\n  background-color: rgba(255, 255, 255, 0.5);\n}\n<\/style>\n\t<\/section>\n\t\n\n  <div class=\"banner has-hover\" id=\"banner-770767911\">\n          <div class=\"banner-inner fill\">\n        <div class=\"banner-bg fill\" >\n            <img loading=\"lazy\" decoding=\"async\" width=\"1800\" height=\"1000\" src=\"https:\/\/cyclesdevos.be\/wp-content\/uploads\/2026\/02\/baniere-outlet.png\" class=\"bg attachment-original size-original\" alt=\"\" \/>                        <div class=\"overlay\"><\/div>            \n                    <\/div>\n\t\t\n        <div class=\"banner-layers container\">\n            <a class=\"fill\" href=\"https:\/\/cyclesdevos.be\/promotions-2\/\"><div class=\"fill banner-link\"><\/div><\/a>            \n   <div id=\"text-box-120240628\" class=\"text-box banner-layer text-box-square x100 md-x100 lg-x100 y50 md-y50 lg-y50 res-text\">\n                                <div class=\"text-box-content text box-shadow-3 dark\">\n              \n              <div class=\"text-inner text-center\">\n                  \n<h2 class=\"uppercase\"><a href=\"https:\/\/cyclesdevos.be\/promotions-2\/\"><strong>Stock Deal<\/strong><\/a><\/h2>\n<h3><a href=\"https:\/\/cyclesdevos.be\/promotions-2\/\">Jusqu&rsquo;\u00e0 &#8211; 40%<\/a><\/h3>\n<p><a href=\"https:\/\/cyclesdevos.be\/promotions-2\/\">Sur une s\u00e9lection de v\u00e9los et v\u00e9los \u00e9lectriques\u00a0<\/a><\/p>\n<p class=\"p1\">\u00a0<\/p>\n<p class=\"p1\">\u00a0<\/p>\n<a href=\"https:\/\/cyclesdevos.be\/promotions-2\/\" class=\"button white is-outline\" >\n\t\t<span>D\u00e9couvrez en cliquant ici<\/span>\n\t<\/a>\n\n              <\/div>\n           <\/div>\n                            \n<style>\n#text-box-120240628 .text-box-content {\n  background-color: rgba(0, 0, 0, 0.86);\n  font-size: 100%;\n}\n#text-box-120240628 .text-inner {\n  padding: 30px 30px 30px 30px;\n}\n#text-box-120240628 {\n  width: 60%;\n}\n@media (min-width:550px) {\n  #text-box-120240628 {\n    width: 40%;\n  }\n}\n<\/style>\n    <\/div>\n \n        <\/div>\n      <\/div>\n\n            \n<style>\n#banner-770767911 {\n  padding-top: 56.25%;\n}\n#banner-770767911 .overlay {\n  background-color: rgba(0, 0, 0, 0.2);\n}\n#banner-770767911 .banner-bg img {\n  object-position: 35% 70%;\n}\n@media (min-width:550px) {\n  #banner-770767911 {\n    padding-top: 500px;\n  }\n}\n<\/style>\n  <\/div>\n\n\n<div class=\"is-divider divider clearfix\" ><\/div>\n\t<div class=\"img has-hover x md-x lg-x y md-y lg-y\" id=\"image_1459465201\">\n\t\t<a class=\"\" href=\"https:\/\/cyclesdevos.be\/product-tag\/aprilia\/\" >\t\t\t\t\t\t<div class=\"img-inner dark\" style=\"margin:0px 0px 0px 0px;\">\n\t\t\t<img loading=\"lazy\" decoding=\"async\" width=\"1800\" height=\"1000\" src=\"https:\/\/cyclesdevos.be\/wp-content\/uploads\/2026\/04\/Promo-Piaggio-Group-Avril.png\" class=\"attachment-2048x2048 size-2048x2048\" alt=\"\" srcset=\"https:\/\/cyclesdevos.be\/wp-content\/uploads\/2026\/04\/Promo-Piaggio-Group-Avril.png 1800w, https:\/\/cyclesdevos.be\/wp-content\/uploads\/2026\/04\/Promo-Piaggio-Group-Avril-400x222.png 400w, https:\/\/cyclesdevos.be\/wp-content\/uploads\/2026\/04\/Promo-Piaggio-Group-Avril-1024x569.png 1024w, https:\/\/cyclesdevos.be\/wp-content\/uploads\/2026\/04\/Promo-Piaggio-Group-Avril-768x427.png 768w, https:\/\/cyclesdevos.be\/wp-content\/uploads\/2026\/04\/Promo-Piaggio-Group-Avril-1536x853.png 1536w, https:\/\/cyclesdevos.be\/wp-content\/uploads\/2026\/04\/Promo-Piaggio-Group-Avril-18x10.png 18w, https:\/\/cyclesdevos.be\/wp-content\/uploads\/2026\/04\/Promo-Piaggio-Group-Avril-247x137.png 247w, https:\/\/cyclesdevos.be\/wp-content\/uploads\/2026\/04\/Promo-Piaggio-Group-Avril-510x283.png 510w\" sizes=\"auto, (max-width: 1800px) 100vw, 1800px\" \/>\t\t\t\t\t\t\n\t\t\t\t\t<\/div>\n\t\t\t\t\t\t<\/a>\t\t\n<style>\n#image_1459465201 {\n  width: 100%;\n}\n<\/style>\n\t<\/div>\n\t\n\t<div class=\"img has-hover x md-x lg-x y md-y lg-y\" id=\"image_379163000\">\n\t\t<a class=\"\" href=\"https:\/\/cyclesdevos.be\/product-category\/cube-2026\/\" >\t\t\t\t\t\t<div class=\"img-inner dark\" style=\"margin:0px 0px 0px 0px;\">\n\t\t\t<img loading=\"lazy\" decoding=\"async\" width=\"1800\" height=\"1000\" src=\"https:\/\/cyclesdevos.be\/wp-content\/uploads\/2025\/09\/collection-Cube-2026-est-enfin-arrivee-et-elle-promet-dapporter-une-touche-dinnovation-et-delegance-a-votre-quotidien.-Concue-pour-les-amateurs-de-design-contemporain-et-de-fonctionnalite-.png\" class=\"attachment-2048x2048 size-2048x2048\" alt=\"\" srcset=\"https:\/\/cyclesdevos.be\/wp-content\/uploads\/2025\/09\/collection-Cube-2026-est-enfin-arrivee-et-elle-promet-dapporter-une-touche-dinnovation-et-delegance-a-votre-quotidien.-Concue-pour-les-amateurs-de-design-contemporain-et-de-fonctionnalite-.png 1800w, https:\/\/cyclesdevos.be\/wp-content\/uploads\/2025\/09\/collection-Cube-2026-est-enfin-arrivee-et-elle-promet-dapporter-une-touche-dinnovation-et-delegance-a-votre-quotidien.-Concue-pour-les-amateurs-de-design-contemporain-et-de-fonctionnalite--400x222.png 400w, https:\/\/cyclesdevos.be\/wp-content\/uploads\/2025\/09\/collection-Cube-2026-est-enfin-arrivee-et-elle-promet-dapporter-une-touche-dinnovation-et-delegance-a-votre-quotidien.-Concue-pour-les-amateurs-de-design-contemporain-et-de-fonctionnalite--1024x569.png 1024w, https:\/\/cyclesdevos.be\/wp-content\/uploads\/2025\/09\/collection-Cube-2026-est-enfin-arrivee-et-elle-promet-dapporter-une-touche-dinnovation-et-delegance-a-votre-quotidien.-Concue-pour-les-amateurs-de-design-contemporain-et-de-fonctionnalite--768x427.png 768w, https:\/\/cyclesdevos.be\/wp-content\/uploads\/2025\/09\/collection-Cube-2026-est-enfin-arrivee-et-elle-promet-dapporter-une-touche-dinnovation-et-delegance-a-votre-quotidien.-Concue-pour-les-amateurs-de-design-contemporain-et-de-fonctionnalite--1536x853.png 1536w, https:\/\/cyclesdevos.be\/wp-content\/uploads\/2025\/09\/collection-Cube-2026-est-enfin-arrivee-et-elle-promet-dapporter-une-touche-dinnovation-et-delegance-a-votre-quotidien.-Concue-pour-les-amateurs-de-design-contemporain-et-de-fonctionnalite--18x10.png 18w, https:\/\/cyclesdevos.be\/wp-content\/uploads\/2025\/09\/collection-Cube-2026-est-enfin-arrivee-et-elle-promet-dapporter-une-touche-dinnovation-et-delegance-a-votre-quotidien.-Concue-pour-les-amateurs-de-design-contemporain-et-de-fonctionnalite--247x137.png 247w, https:\/\/cyclesdevos.be\/wp-content\/uploads\/2025\/09\/collection-Cube-2026-est-enfin-arrivee-et-elle-promet-dapporter-une-touche-dinnovation-et-delegance-a-votre-quotidien.-Concue-pour-les-amateurs-de-design-contemporain-et-de-fonctionnalite--510x283.png 510w\" sizes=\"auto, (max-width: 1800px) 100vw, 1800px\" \/>\t\t\t\t\t\t\n\t\t\t\t\t<\/div>\n\t\t\t\t\t\t<\/a>\t\t\n<style>\n#image_379163000 {\n  width: 100%;\n}\n<\/style>\n\t<\/div>\n\t\n<a href=\"https:\/\/wa.me\/3226486272\" target=\"_blank\" class=\"button success is-outline box-shadow-4 box-shadow-5-hover hidden\" rel=\"noopener\" style=\"border-radius:99px;\">\n\t\t<span>Whatsapp<\/span>\n\t<i class=\"icon-plus\" aria-hidden=\"true\"><\/i><\/a>\n\n\n  <div class=\"banner-grid-wrapper\">\n  <div id=\"banner-grid-557916865\" class=\"banner-grid row row-grid row-small\" data-packery-options=\"\">\n                      \n<div class=\"col grid-col large-6 grid-col-2-3\" ><div class=\"col-inner\">\n\n  <div class=\"banner has-hover\" id=\"banner-1598853178\">\n          <div class=\"banner-inner fill\">\n        <div class=\"banner-bg fill\" >\n            <img loading=\"lazy\" decoding=\"async\" width=\"1500\" height=\"1500\" src=\"https:\/\/cyclesdevos.be\/wp-content\/uploads\/2025\/11\/sym.png\" class=\"bg attachment-original size-original\" alt=\"\" \/>                                    \n                    <\/div>\n\t\t\n        <div class=\"banner-layers container\">\n            <a class=\"fill\" href=\"https:\/\/cyclesdevos.be\/product-tag\/sym\/\"><div class=\"fill banner-link\"><\/div><\/a>            \n   <div id=\"text-box-601965572\" class=\"text-box banner-layer x50 md-x50 lg-x50 y50 md-y50 lg-y50 res-text\">\n                                <div class=\"text-box-content text dark\">\n              \n              <div class=\"text-inner text-center\">\n                  \n              <\/div>\n           <\/div>\n                            \n<style>\n#text-box-601965572 {\n  width: 60%;\n}\n#text-box-601965572 .text-box-content {\n  font-size: 100%;\n}\n@media (min-width:550px) {\n  #text-box-601965572 {\n    width: 60%;\n  }\n}\n<\/style>\n    <\/div>\n \n        <\/div>\n      <\/div>\n\n            \n<style>\n#banner-1598853178 {\n  padding-top: 500px;\n}\n#banner-1598853178 .banner-bg img {\n  object-position: 25% 6%;\n}\n<\/style>\n  <\/div>\n\n\n<\/div><\/div>\n<div class=\"col grid-col large-6 grid-col-2-3\" ><div class=\"col-inner\">\n\n  <div class=\"banner has-hover\" id=\"banner-1536122703\">\n          <div class=\"banner-inner fill\">\n        <div class=\"banner-bg fill\" >\n            <img loading=\"lazy\" decoding=\"async\" width=\"1020\" height=\"553\" src=\"https:\/\/cyclesdevos.be\/wp-content\/uploads\/2022\/10\/vespa_Fini-1024x555.jpg\" class=\"bg attachment-large size-large\" alt=\"\" \/>                        <div class=\"overlay\"><\/div>            \n                    <\/div>\n\t\t\n        <div class=\"banner-layers container\">\n            <a class=\"fill\" href=\"https:\/\/cyclesdevos.be\/product-tag\/new-vespa\/\"><div class=\"fill banner-link\"><\/div><\/a>            \n   <div id=\"text-box-1520975291\" class=\"text-box banner-layer x50 md-x50 lg-x50 y50 md-y50 lg-y50 res-text\">\n                                <div class=\"text-box-content text dark\">\n              \n              <div class=\"text-inner text-center\">\n                  \n<p><a href=\"https:\/\/cyclesdevos.be\/product-tag\/new-vespa\/\"><span style=\"font-size: 300%\">New Vespa GTS<\/span><\/a><\/p>\n<a href=\"https:\/\/cyclesdevos.be\/product-tag\/new-vespa\/\" class=\"button primary\" >\n\t\t<span>Voir plus<\/span>\n\t<\/a>\n\n              <\/div>\n           <\/div>\n                            \n<style>\n#text-box-1520975291 {\n  width: 60%;\n}\n#text-box-1520975291 .text-box-content {\n  font-size: 100%;\n}\n<\/style>\n    <\/div>\n \n        <\/div>\n      <\/div>\n\n            \n<style>\n#banner-1536122703 {\n  padding-top: 500px;\n}\n#banner-1536122703 .overlay {\n  background-color: rgba(0, 0, 0, 0.256);\n}\n<\/style>\n  <\/div>\n\n\n<\/div><\/div>\n            <\/div>\n    <style>\n    #banner-grid-557916865 .grid-col-1{height: 600px}\n    #banner-grid-557916865 .grid-col-1-2{height: 300px}\n    #banner-grid-557916865 .grid-col-1-3{height:200px}\n    #banner-grid-557916865 .grid-col-2-3{height: 400px}\n    #banner-grid-557916865 .grid-col-1-4{height: 150px}\n    #banner-grid-557916865 .grid-col-3-4{height: 450px}\n\n\n    \n    \n\n  <\/style>\n    <\/div>\n  \n<div class=\"container section-title-container\" ><h3 class=\"section-title section-title-center\"><b aria-hidden=\"true\"><\/b><span class=\"section-title-main\" >News<\/span><b aria-hidden=\"true\"><\/b><\/h3><\/div>\n\n  \n    <div class=\"row large-columns-3 medium-columns-1 small-columns-1 slider row-slider slider-nav-reveal slider-nav-push\"  data-flickity-options='{&quot;imagesLoaded&quot;: true, &quot;groupCells&quot;: &quot;100%&quot;, &quot;dragThreshold&quot; : 5, &quot;cellAlign&quot;: &quot;left&quot;,&quot;wrapAround&quot;: true,&quot;prevNextButtons&quot;: true,&quot;percentPosition&quot;: true,&quot;pageDots&quot;: false, &quot;rightToLeft&quot;: false, &quot;autoPlay&quot; : false}' >\n\n  <div class=\"col post-item\" >\n\t\t\t<div class=\"col-inner\">\n\t\t\t\t<div class=\"box box-normal box-text-bottom box-blog-post has-hover\">\n            \t\t\t\t\t<div class=\"box-image\" >\n  \t\t\t\t\t\t<div class=\"image-cover\" style=\"padding-top:56.25%;\">\n\t\t\t\t\t\t\t<a href=\"https:\/\/cyclesdevos.be\/de\/2024\/11\/19\/cycles-devos-et-do-partners-celebrent-ensemble-une-etape-importante\/\" class=\"plain\" aria-label=\"Cycles Devos et D&amp;O Partners c\u00e9l\u00e8brent ensemble une \u00e9tape importante !\">\n\t\t\t\t\t\t\t\t<img loading=\"lazy\" decoding=\"async\" width=\"400\" height=\"311\" src=\"https:\/\/cyclesdevos.be\/wp-content\/uploads\/2024\/11\/cooperation-cycles-devos-do-partners-xerox-400x311.jpg\" class=\"attachment-medium size-medium wp-post-image\" alt=\"\" srcset=\"https:\/\/cyclesdevos.be\/wp-content\/uploads\/2024\/11\/cooperation-cycles-devos-do-partners-xerox-400x311.jpg 400w, https:\/\/cyclesdevos.be\/wp-content\/uploads\/2024\/11\/cooperation-cycles-devos-do-partners-xerox-1024x795.jpg 1024w, https:\/\/cyclesdevos.be\/wp-content\/uploads\/2024\/11\/cooperation-cycles-devos-do-partners-xerox-768x597.jpg 768w, https:\/\/cyclesdevos.be\/wp-content\/uploads\/2024\/11\/cooperation-cycles-devos-do-partners-xerox-1536x1193.jpg 1536w, https:\/\/cyclesdevos.be\/wp-content\/uploads\/2024\/11\/cooperation-cycles-devos-do-partners-xerox-2048x1591.jpg 2048w, https:\/\/cyclesdevos.be\/wp-content\/uploads\/2024\/11\/cooperation-cycles-devos-do-partners-xerox-15x12.jpg 15w, https:\/\/cyclesdevos.be\/wp-content\/uploads\/2024\/11\/cooperation-cycles-devos-do-partners-xerox-247x192.jpg 247w, https:\/\/cyclesdevos.be\/wp-content\/uploads\/2024\/11\/cooperation-cycles-devos-do-partners-xerox-510x396.jpg 510w\" sizes=\"auto, (max-width: 400px) 100vw, 400px\" \/>\t\t\t\t\t\t\t<\/a>\n  \t\t\t\t\t\t\t  \t\t\t\t\t\t\t  \t\t\t\t\t\t<\/div>\n  \t\t\t\t\t\t  \t\t\t\t\t<\/div>\n          \t\t\t\t\t<div class=\"box-text text-center\" >\n\t\t\t\t\t<div class=\"box-text-inner blog-post-inner\">\n\n\t\t\t\t\t\n\t\t\t\t\t\t\t\t\t\t<h5 class=\"post-title is-large \">\n\t\t\t\t\t\t<a href=\"https:\/\/cyclesdevos.be\/de\/2024\/11\/19\/cycles-devos-et-do-partners-celebrent-ensemble-une-etape-importante\/\" class=\"plain\">Cycles Devos et D&amp;O Partners c\u00e9l\u00e8brent ensemble une \u00e9tape importante !<\/a>\n\t\t\t\t\t<\/h5>\n\t\t\t\t\t\t\t\t\t\t<div class=\"is-divider\"><\/div>\n\t\t\t\t\t\t\t\t\t\t<p class=\"from_the_blog_excerpt \">\n\t\t\t\t\t\tUn partenariat fructueux de 25 ans avec D&amp;O Partners Cycles Devos c\u00e9l\u00e8bre une \u00e9tape importante [...]\t\t\t\t\t<\/p>\n\t\t\t\t\t                    \n\t\t\t\t\t\n\t\t\t\t\t\n\t\t\t\t\t<\/div>\n\t\t\t\t\t<\/div>\n\t\t\t\t\t\t\t\t\t\t\t\t\t\t\t\t<div class=\"badge absolute top post-date badge-outline\">\n\t\t\t\t\t\t\t<div class=\"badge-inner\">\n\t\t\t\t\t\t\t\t<span class=\"post-date-day\">19<\/span><br>\n\t\t\t\t\t\t\t\t<span class=\"post-date-month is-xsmall\">Nov.<\/span>\n\t\t\t\t\t\t\t<\/div>\n\t\t\t\t\t\t<\/div>\n\t\t\t\t\t\t\t\t\t<\/div>\n\t\t\t<\/div>\n\t\t<\/div><div class=\"col post-item\" >\n\t\t\t<div class=\"col-inner\">\n\t\t\t\t<div class=\"box box-normal box-text-bottom box-blog-post has-hover\">\n            \t\t\t\t\t<div class=\"box-image\" >\n  \t\t\t\t\t\t<div class=\"image-cover\" style=\"padding-top:56.25%;\">\n\t\t\t\t\t\t\t<a href=\"https:\/\/cyclesdevos.be\/de\/2023\/12\/20\/comment-utiliser-sa-batterie-et-comment-la-rechange\/\" class=\"plain\" aria-label=\"Comment utiliser sa batterie et comment la rechange\">\n\t\t\t\t\t\t\t\t<img loading=\"lazy\" decoding=\"async\" width=\"400\" height=\"229\" src=\"https:\/\/cyclesdevos.be\/wp-content\/uploads\/2023\/12\/csm_Bosch-eBike-Satge-IBD-Shoot-MY2024-3385_321abc11fb-400x229.webp\" class=\"attachment-medium size-medium wp-post-image\" alt=\"\" srcset=\"https:\/\/cyclesdevos.be\/wp-content\/uploads\/2023\/12\/csm_Bosch-eBike-Satge-IBD-Shoot-MY2024-3385_321abc11fb-400x229.webp 400w, https:\/\/cyclesdevos.be\/wp-content\/uploads\/2023\/12\/csm_Bosch-eBike-Satge-IBD-Shoot-MY2024-3385_321abc11fb-1024x585.webp 1024w, https:\/\/cyclesdevos.be\/wp-content\/uploads\/2023\/12\/csm_Bosch-eBike-Satge-IBD-Shoot-MY2024-3385_321abc11fb-768x439.webp 768w, https:\/\/cyclesdevos.be\/wp-content\/uploads\/2023\/12\/csm_Bosch-eBike-Satge-IBD-Shoot-MY2024-3385_321abc11fb-1536x878.webp 1536w, https:\/\/cyclesdevos.be\/wp-content\/uploads\/2023\/12\/csm_Bosch-eBike-Satge-IBD-Shoot-MY2024-3385_321abc11fb-18x10.webp 18w, https:\/\/cyclesdevos.be\/wp-content\/uploads\/2023\/12\/csm_Bosch-eBike-Satge-IBD-Shoot-MY2024-3385_321abc11fb-247x141.webp 247w, https:\/\/cyclesdevos.be\/wp-content\/uploads\/2023\/12\/csm_Bosch-eBike-Satge-IBD-Shoot-MY2024-3385_321abc11fb-510x291.webp 510w, https:\/\/cyclesdevos.be\/wp-content\/uploads\/2023\/12\/csm_Bosch-eBike-Satge-IBD-Shoot-MY2024-3385_321abc11fb.webp 1680w\" sizes=\"auto, (max-width: 400px) 100vw, 400px\" \/>\t\t\t\t\t\t\t<\/a>\n  \t\t\t\t\t\t\t  \t\t\t\t\t\t\t  \t\t\t\t\t\t<\/div>\n  \t\t\t\t\t\t  \t\t\t\t\t<\/div>\n          \t\t\t\t\t<div class=\"box-text text-center\" >\n\t\t\t\t\t<div class=\"box-text-inner blog-post-inner\">\n\n\t\t\t\t\t\n\t\t\t\t\t\t\t\t\t\t<h5 class=\"post-title is-large \">\n\t\t\t\t\t\t<a href=\"https:\/\/cyclesdevos.be\/de\/2023\/12\/20\/comment-utiliser-sa-batterie-et-comment-la-rechange\/\" class=\"plain\">Comment utiliser sa batterie et comment la rechange<\/a>\n\t\t\t\t\t<\/h5>\n\t\t\t\t\t\t\t\t\t\t<div class=\"is-divider\"><\/div>\n\t\t\t\t\t\t\t\t\t\t<p class=\"from_the_blog_excerpt \">\n\t\t\t\t\t\tPour maximiser la dur\u00e9e de vie de la batterie de votre v\u00e9lo \u00e9lectrique \u00e9quip\u00e9 d&rsquo;un [...]\t\t\t\t\t<\/p>\n\t\t\t\t\t                    \n\t\t\t\t\t\n\t\t\t\t\t\n\t\t\t\t\t<\/div>\n\t\t\t\t\t<\/div>\n\t\t\t\t\t\t\t\t\t\t\t\t\t\t\t\t<div class=\"badge absolute top post-date badge-outline\">\n\t\t\t\t\t\t\t<div class=\"badge-inner\">\n\t\t\t\t\t\t\t\t<span class=\"post-date-day\">20<\/span><br>\n\t\t\t\t\t\t\t\t<span class=\"post-date-month is-xsmall\">Dez.<\/span>\n\t\t\t\t\t\t\t<\/div>\n\t\t\t\t\t\t<\/div>\n\t\t\t\t\t\t\t\t\t<\/div>\n\t\t\t<\/div>\n\t\t<\/div><div class=\"col post-item\" >\n\t\t\t<div class=\"col-inner\">\n\t\t\t\t<div class=\"box box-normal box-text-bottom box-blog-post has-hover\">\n            \t\t\t\t\t<div class=\"box-image\" >\n  \t\t\t\t\t\t<div class=\"image-cover\" style=\"padding-top:56.25%;\">\n\t\t\t\t\t\t\t<a href=\"https:\/\/cyclesdevos.be\/de\/2023\/12\/20\/ou-me-balader-a-velo\/\" class=\"plain\" aria-label=\"O\u00f9 me balader \u00e0 v\u00e9lo\">\n\t\t\t\t\t\t\t\t<img loading=\"lazy\" decoding=\"async\" width=\"400\" height=\"228\" src=\"https:\/\/cyclesdevos.be\/wp-content\/uploads\/2023\/12\/IMG_0046-400x228.webp\" class=\"attachment-medium size-medium wp-post-image\" alt=\"\" srcset=\"https:\/\/cyclesdevos.be\/wp-content\/uploads\/2023\/12\/IMG_0046-400x228.webp 400w, https:\/\/cyclesdevos.be\/wp-content\/uploads\/2023\/12\/IMG_0046-18x10.webp 18w, https:\/\/cyclesdevos.be\/wp-content\/uploads\/2023\/12\/IMG_0046-247x141.webp 247w, https:\/\/cyclesdevos.be\/wp-content\/uploads\/2023\/12\/IMG_0046-510x291.webp 510w, https:\/\/cyclesdevos.be\/wp-content\/uploads\/2023\/12\/IMG_0046.webp 613w\" sizes=\"auto, (max-width: 400px) 100vw, 400px\" \/>\t\t\t\t\t\t\t<\/a>\n  \t\t\t\t\t\t\t  \t\t\t\t\t\t\t  \t\t\t\t\t\t<\/div>\n  \t\t\t\t\t\t  \t\t\t\t\t<\/div>\n          \t\t\t\t\t<div class=\"box-text text-center\" >\n\t\t\t\t\t<div class=\"box-text-inner blog-post-inner\">\n\n\t\t\t\t\t\n\t\t\t\t\t\t\t\t\t\t<h5 class=\"post-title is-large \">\n\t\t\t\t\t\t<a href=\"https:\/\/cyclesdevos.be\/de\/2023\/12\/20\/ou-me-balader-a-velo\/\" class=\"plain\">O\u00f9 me balader \u00e0 v\u00e9lo<\/a>\n\t\t\t\t\t<\/h5>\n\t\t\t\t\t\t\t\t\t\t<div class=\"is-divider\"><\/div>\n\t\t\t\t\t\t\t\t\t\t<p class=\"from_the_blog_excerpt \">\n\t\t\t\t\t\tLa Belgique offre de nombreuses destinations magnifiques pour les amateurs de cyclisme, que ce soit [...]\t\t\t\t\t<\/p>\n\t\t\t\t\t                    \n\t\t\t\t\t\n\t\t\t\t\t\n\t\t\t\t\t<\/div>\n\t\t\t\t\t<\/div>\n\t\t\t\t\t\t\t\t\t\t\t\t\t\t\t\t<div class=\"badge absolute top post-date badge-outline\">\n\t\t\t\t\t\t\t<div class=\"badge-inner\">\n\t\t\t\t\t\t\t\t<span class=\"post-date-day\">20<\/span><br>\n\t\t\t\t\t\t\t\t<span class=\"post-date-month is-xsmall\">Dez.<\/span>\n\t\t\t\t\t\t\t<\/div>\n\t\t\t\t\t\t<\/div>\n\t\t\t\t\t\t\t\t\t<\/div>\n\t\t\t<\/div>\n\t\t<\/div><div class=\"col post-item\" >\n\t\t\t<div class=\"col-inner\">\n\t\t\t\t<div class=\"box box-normal box-text-bottom box-blog-post has-hover\">\n          \t\t\t\t\t<div class=\"box-text text-center\" >\n\t\t\t\t\t<div class=\"box-text-inner blog-post-inner\">\n\n\t\t\t\t\t\n\t\t\t\t\t\t\t\t\t\t<h5 class=\"post-title is-large \">\n\t\t\t\t\t\t<a href=\"https:\/\/cyclesdevos.be\/de\/2023\/12\/20\/comment-savoir-si-je-peux-encore-rouler-dans-bruxelles-avec-mon-scooter\/\" class=\"plain\">Comment savoir si je peux encore rouler dans Bruxelles avec mon scooter<\/a>\n\t\t\t\t\t<\/h5>\n\t\t\t\t\t<div class=\"post-meta is-small op-8\">20 Dezember 2023<\/div>\t\t\t\t\t<div class=\"is-divider\"><\/div>\n\t\t\t\t\t\t\t\t\t\t<p class=\"from_the_blog_excerpt \">\n\t\t\t\t\t\tJusqu&rsquo;en 2029, tous les scooters atteignant une vitesse maximale de 45 km\/h (50 cm\u00b3) seront [...]\t\t\t\t\t<\/p>\n\t\t\t\t\t                    \n\t\t\t\t\t\n\t\t\t\t\t\n\t\t\t\t\t<\/div>\n\t\t\t\t\t<\/div>\n\t\t\t\t\t\t\t\t\t<\/div>\n\t\t\t<\/div>\n\t\t<\/div><div class=\"col post-item\" >\n\t\t\t<div class=\"col-inner\">\n\t\t\t\t<div class=\"box box-normal box-text-bottom box-blog-post has-hover\">\n            \t\t\t\t\t<div class=\"box-image\" >\n  \t\t\t\t\t\t<div class=\"image-cover\" style=\"padding-top:56.25%;\">\n\t\t\t\t\t\t\t<a href=\"https:\/\/cyclesdevos.be\/de\/2023\/12\/20\/quels-sont-les-differents-types-de-velos-route-vtt-urbain-electrique-etc\/\" class=\"plain\" aria-label=\"Quels sont Les diff\u00e9rents types de v\u00e9los (route, VTT, urbain, \u00e9lectrique, etc.)\">\n\t\t\t\t\t\t\t\t<img loading=\"lazy\" decoding=\"async\" width=\"400\" height=\"233\" src=\"https:\/\/cyclesdevos.be\/wp-content\/uploads\/2023\/12\/IMG_0034-400x233.jpeg\" class=\"attachment-medium size-medium wp-post-image\" alt=\"\" srcset=\"https:\/\/cyclesdevos.be\/wp-content\/uploads\/2023\/12\/IMG_0034-400x233.jpeg 400w, https:\/\/cyclesdevos.be\/wp-content\/uploads\/2023\/12\/IMG_0034-1024x597.jpeg 1024w, https:\/\/cyclesdevos.be\/wp-content\/uploads\/2023\/12\/IMG_0034-768x448.jpeg 768w, https:\/\/cyclesdevos.be\/wp-content\/uploads\/2023\/12\/IMG_0034-247x144.jpeg 247w, https:\/\/cyclesdevos.be\/wp-content\/uploads\/2023\/12\/IMG_0034-510x298.jpeg 510w, https:\/\/cyclesdevos.be\/wp-content\/uploads\/2023\/12\/IMG_0034.jpeg 1500w\" sizes=\"auto, (max-width: 400px) 100vw, 400px\" \/>\t\t\t\t\t\t\t<\/a>\n  \t\t\t\t\t\t\t  \t\t\t\t\t\t\t  \t\t\t\t\t\t<\/div>\n  \t\t\t\t\t\t  \t\t\t\t\t<\/div>\n          \t\t\t\t\t<div class=\"box-text text-center\" >\n\t\t\t\t\t<div class=\"box-text-inner blog-post-inner\">\n\n\t\t\t\t\t\n\t\t\t\t\t\t\t\t\t\t<h5 class=\"post-title is-large \">\n\t\t\t\t\t\t<a href=\"https:\/\/cyclesdevos.be\/de\/2023\/12\/20\/quels-sont-les-differents-types-de-velos-route-vtt-urbain-electrique-etc\/\" class=\"plain\">Quels sont Les diff\u00e9rents types de v\u00e9los (route, VTT, urbain, \u00e9lectrique, etc.)<\/a>\n\t\t\t\t\t<\/h5>\n\t\t\t\t\t\t\t\t\t\t<div class=\"is-divider\"><\/div>\n\t\t\t\t\t\t\t\t\t\t<p class=\"from_the_blog_excerpt \">\n\t\t\t\t\t\tIl existe une vari\u00e9t\u00e9 de types de v\u00e9los, chacun con\u00e7u pour r\u00e9pondre \u00e0 des besoins [...]\t\t\t\t\t<\/p>\n\t\t\t\t\t                    \n\t\t\t\t\t\n\t\t\t\t\t\n\t\t\t\t\t<\/div>\n\t\t\t\t\t<\/div>\n\t\t\t\t\t\t\t\t\t\t\t\t\t\t\t\t<div class=\"badge absolute top post-date badge-outline\">\n\t\t\t\t\t\t\t<div class=\"badge-inner\">\n\t\t\t\t\t\t\t\t<span class=\"post-date-day\">20<\/span><br>\n\t\t\t\t\t\t\t\t<span class=\"post-date-month is-xsmall\">Dez.<\/span>\n\t\t\t\t\t\t\t<\/div>\n\t\t\t\t\t\t<\/div>\n\t\t\t\t\t\t\t\t\t<\/div>\n\t\t\t<\/div>\n\t\t<\/div><div class=\"col post-item\" >\n\t\t\t<div class=\"col-inner\">\n\t\t\t\t<div class=\"box box-normal box-text-bottom box-blog-post has-hover\">\n            \t\t\t\t\t<div class=\"box-image\" >\n  \t\t\t\t\t\t<div class=\"image-cover\" style=\"padding-top:56.25%;\">\n\t\t\t\t\t\t\t<a href=\"https:\/\/cyclesdevos.be\/de\/2023\/12\/20\/quelle-batterie-choisir-pour-son-velo-electrique\/\" class=\"plain\" aria-label=\"Quelle batterie choisir pour son v\u00e9lo \u00e9lectrique\">\n\t\t\t\t\t\t\t\t<img loading=\"lazy\" decoding=\"async\" width=\"362\" height=\"227\" src=\"https:\/\/cyclesdevos.be\/wp-content\/uploads\/2023\/12\/IMG_0030.jpeg\" class=\"attachment-medium size-medium wp-post-image\" alt=\"\" srcset=\"https:\/\/cyclesdevos.be\/wp-content\/uploads\/2023\/12\/IMG_0030.jpeg 362w, https:\/\/cyclesdevos.be\/wp-content\/uploads\/2023\/12\/IMG_0030-18x12.jpeg 18w, https:\/\/cyclesdevos.be\/wp-content\/uploads\/2023\/12\/IMG_0030-247x155.jpeg 247w\" sizes=\"auto, (max-width: 362px) 100vw, 362px\" \/>\t\t\t\t\t\t\t<\/a>\n  \t\t\t\t\t\t\t  \t\t\t\t\t\t\t  \t\t\t\t\t\t<\/div>\n  \t\t\t\t\t\t  \t\t\t\t\t<\/div>\n          \t\t\t\t\t<div class=\"box-text text-center\" >\n\t\t\t\t\t<div class=\"box-text-inner blog-post-inner\">\n\n\t\t\t\t\t\n\t\t\t\t\t\t\t\t\t\t<h5 class=\"post-title is-large \">\n\t\t\t\t\t\t<a href=\"https:\/\/cyclesdevos.be\/de\/2023\/12\/20\/quelle-batterie-choisir-pour-son-velo-electrique\/\" class=\"plain\">Quelle batterie choisir pour son v\u00e9lo \u00e9lectrique<\/a>\n\t\t\t\t\t<\/h5>\n\t\t\t\t\t\t\t\t\t\t<div class=\"is-divider\"><\/div>\n\t\t\t\t\t\t\t\t\t\t<p class=\"from_the_blog_excerpt \">\n\t\t\t\t\t\tLe choix de la batterie pour un v\u00e9lo \u00e9lectrique avec moteur Bosch d\u00e9pend de plusieurs [...]\t\t\t\t\t<\/p>\n\t\t\t\t\t                    \n\t\t\t\t\t\n\t\t\t\t\t\n\t\t\t\t\t<\/div>\n\t\t\t\t\t<\/div>\n\t\t\t\t\t\t\t\t\t\t\t\t\t\t\t\t<div class=\"badge absolute top post-date badge-outline\">\n\t\t\t\t\t\t\t<div class=\"badge-inner\">\n\t\t\t\t\t\t\t\t<span class=\"post-date-day\">20<\/span><br>\n\t\t\t\t\t\t\t\t<span class=\"post-date-month is-xsmall\">Dez.<\/span>\n\t\t\t\t\t\t\t<\/div>\n\t\t\t\t\t\t<\/div>\n\t\t\t\t\t\t\t\t\t<\/div>\n\t\t\t<\/div>\n\t\t<\/div><div class=\"col post-item\" >\n\t\t\t<div class=\"col-inner\">\n\t\t\t\t<div class=\"box box-normal box-text-bottom box-blog-post has-hover\">\n            \t\t\t\t\t<div class=\"box-image\" >\n  \t\t\t\t\t\t<div class=\"image-cover\" style=\"padding-top:56.25%;\">\n\t\t\t\t\t\t\t<a href=\"https:\/\/cyclesdevos.be\/de\/2023\/12\/20\/quel-moteur-bosch-choisir-pour-son-velo\/\" class=\"plain\" aria-label=\"Quel moteur bosch choisir pour son v\u00e9lo\">\n\t\t\t\t\t\t\t\t<img loading=\"lazy\" decoding=\"async\" width=\"400\" height=\"267\" src=\"https:\/\/cyclesdevos.be\/wp-content\/uploads\/2023\/12\/Bosch-eBike-Activity-Novelites-MY2024-1284-Screen-400x267.jpeg\" class=\"attachment-medium size-medium wp-post-image\" alt=\"\" srcset=\"https:\/\/cyclesdevos.be\/wp-content\/uploads\/2023\/12\/Bosch-eBike-Activity-Novelites-MY2024-1284-Screen-400x267.jpeg 400w, https:\/\/cyclesdevos.be\/wp-content\/uploads\/2023\/12\/Bosch-eBike-Activity-Novelites-MY2024-1284-Screen-1024x683.jpeg 1024w, https:\/\/cyclesdevos.be\/wp-content\/uploads\/2023\/12\/Bosch-eBike-Activity-Novelites-MY2024-1284-Screen-768x512.jpeg 768w, https:\/\/cyclesdevos.be\/wp-content\/uploads\/2023\/12\/Bosch-eBike-Activity-Novelites-MY2024-1284-Screen-1536x1024.jpeg 1536w, https:\/\/cyclesdevos.be\/wp-content\/uploads\/2023\/12\/Bosch-eBike-Activity-Novelites-MY2024-1284-Screen-18x12.jpeg 18w, https:\/\/cyclesdevos.be\/wp-content\/uploads\/2023\/12\/Bosch-eBike-Activity-Novelites-MY2024-1284-Screen-247x165.jpeg 247w, https:\/\/cyclesdevos.be\/wp-content\/uploads\/2023\/12\/Bosch-eBike-Activity-Novelites-MY2024-1284-Screen-510x340.jpeg 510w, https:\/\/cyclesdevos.be\/wp-content\/uploads\/2023\/12\/Bosch-eBike-Activity-Novelites-MY2024-1284-Screen.jpeg 1600w\" sizes=\"auto, (max-width: 400px) 100vw, 400px\" \/>\t\t\t\t\t\t\t<\/a>\n  \t\t\t\t\t\t\t  \t\t\t\t\t\t\t  \t\t\t\t\t\t<\/div>\n  \t\t\t\t\t\t  \t\t\t\t\t<\/div>\n          \t\t\t\t\t<div class=\"box-text text-center\" >\n\t\t\t\t\t<div class=\"box-text-inner blog-post-inner\">\n\n\t\t\t\t\t\n\t\t\t\t\t\t\t\t\t\t<h5 class=\"post-title is-large \">\n\t\t\t\t\t\t<a href=\"https:\/\/cyclesdevos.be\/de\/2023\/12\/20\/quel-moteur-bosch-choisir-pour-son-velo\/\" class=\"plain\">Quel moteur bosch choisir pour son v\u00e9lo<\/a>\n\t\t\t\t\t<\/h5>\n\t\t\t\t\t\t\t\t\t\t<div class=\"is-divider\"><\/div>\n\t\t\t\t\t\t\t\t\t\t<p class=\"from_the_blog_excerpt \">\n\t\t\t\t\t\tLes moteurs Bosch pour v\u00e9los \u00e9lectriques sont r\u00e9put\u00e9s pour leur performance et leur fiabilit\u00e9. Il [...]\t\t\t\t\t<\/p>\n\t\t\t\t\t                    \n\t\t\t\t\t\n\t\t\t\t\t\n\t\t\t\t\t<\/div>\n\t\t\t\t\t<\/div>\n\t\t\t\t\t\t\t\t\t\t\t\t\t\t\t\t<div class=\"badge absolute top post-date badge-outline\">\n\t\t\t\t\t\t\t<div class=\"badge-inner\">\n\t\t\t\t\t\t\t\t<span class=\"post-date-day\">20<\/span><br>\n\t\t\t\t\t\t\t\t<span class=\"post-date-month is-xsmall\">Dez.<\/span>\n\t\t\t\t\t\t\t<\/div>\n\t\t\t\t\t\t<\/div>\n\t\t\t\t\t\t\t\t\t<\/div>\n\t\t\t<\/div>\n\t\t<\/div><div class=\"col post-item\" >\n\t\t\t<div class=\"col-inner\">\n\t\t\t\t<div class=\"box box-normal box-text-bottom box-blog-post has-hover\">\n            \t\t\t\t\t<div class=\"box-image\" >\n  \t\t\t\t\t\t<div class=\"image-cover\" style=\"padding-top:56.25%;\">\n\t\t\t\t\t\t\t<a href=\"https:\/\/cyclesdevos.be\/de\/2023\/12\/20\/levolution-du-velo-electrique\/\" class=\"plain\" aria-label=\"L\u2019\u00e9volution du v\u00e9lo \u00e9lectrique\">\n\t\t\t\t\t\t\t\t<img loading=\"lazy\" decoding=\"async\" width=\"400\" height=\"295\" src=\"https:\/\/cyclesdevos.be\/wp-content\/uploads\/2023\/12\/img_0019-1-1-400x295.jpg\" class=\"attachment-medium size-medium wp-post-image\" alt=\"\" srcset=\"https:\/\/cyclesdevos.be\/wp-content\/uploads\/2023\/12\/img_0019-1-1-400x295.jpg 400w, https:\/\/cyclesdevos.be\/wp-content\/uploads\/2023\/12\/img_0019-1-1-16x12.jpg 16w, https:\/\/cyclesdevos.be\/wp-content\/uploads\/2023\/12\/img_0019-1-1-247x182.jpg 247w, https:\/\/cyclesdevos.be\/wp-content\/uploads\/2023\/12\/img_0019-1-1.jpg 461w\" sizes=\"auto, (max-width: 400px) 100vw, 400px\" \/>\t\t\t\t\t\t\t<\/a>\n  \t\t\t\t\t\t\t  \t\t\t\t\t\t\t  \t\t\t\t\t\t<\/div>\n  \t\t\t\t\t\t  \t\t\t\t\t<\/div>\n          \t\t\t\t\t<div class=\"box-text text-center\" >\n\t\t\t\t\t<div class=\"box-text-inner blog-post-inner\">\n\n\t\t\t\t\t\n\t\t\t\t\t\t\t\t\t\t<h5 class=\"post-title is-large \">\n\t\t\t\t\t\t<a href=\"https:\/\/cyclesdevos.be\/de\/2023\/12\/20\/levolution-du-velo-electrique\/\" class=\"plain\">L\u2019\u00e9volution du v\u00e9lo \u00e9lectrique<\/a>\n\t\t\t\t\t<\/h5>\n\t\t\t\t\t\t\t\t\t\t<div class=\"is-divider\"><\/div>\n\t\t\t\t\t\t\t\t\t\t<p class=\"from_the_blog_excerpt \">\n\t\t\t\t\t\tAu cours des deux derni\u00e8res d\u00e9cennies, l\u2019\u00e9volution du v\u00e9lo \u00e9lectrique (e-bike) a \u00e9t\u00e9 marqu\u00e9e par [...]\t\t\t\t\t<\/p>\n\t\t\t\t\t                    \n\t\t\t\t\t\n\t\t\t\t\t\n\t\t\t\t\t<\/div>\n\t\t\t\t\t<\/div>\n\t\t\t\t\t\t\t\t\t\t\t\t\t\t\t\t<div class=\"badge absolute top post-date badge-outline\">\n\t\t\t\t\t\t\t<div class=\"badge-inner\">\n\t\t\t\t\t\t\t\t<span class=\"post-date-day\">20<\/span><br>\n\t\t\t\t\t\t\t\t<span class=\"post-date-month is-xsmall\">Dez.<\/span>\n\t\t\t\t\t\t\t<\/div>\n\t\t\t\t\t\t<\/div>\n\t\t\t\t\t\t\t\t\t<\/div>\n\t\t\t<\/div>\n\t\t<\/div><\/div>\n<h1>Cycles Devos &#8211; La r\u00e9f\u00e9rence des magasins de v\u00e9los et scooters \u00e0 Bruxelles!<\/h1>\n<p>V\u00e9ritable institution du v\u00e9lo et du scooter \u00e0 Bruxelles, les Cycles Devos privil\u00e9gient avant tout la qualit\u00e9 des produits et du service, mais aussi l\u2019expertise et la passion pour tous les v\u00e9hicules \u00e0 deux roues\u2026 voire \u00e0 trois !<\/p>\n<p>Cr\u00e9\u00e9e en 1910 \u00e0 Ixelles, la soci\u00e9t\u00e9 \u00ab Cycles Devos \u00bb en est \u00e0 sa quatri\u00e8me g\u00e9n\u00e9ration familiale active dans le meilleur magasin de v\u00e9los et de scooters de la r\u00e9gion. Notre sp\u00e9cificit\u00e9 ?<\/p>\n<ul>\n<li>La qualit\u00e9 du conseil et de l\u2019accueil avec un personnel r\u00e9ellement sp\u00e9cialis\u00e9 attentif \u00e0 tous vos besoins\u2026 Et toujours un maximum de convivialit\u00e9, avec notamment la pr\u00e9sence du patron en magasin pour vous aider \u00e0 100% !<\/li>\n<li>La richesse de l\u2019assortiment. Les Cycles Devos, c\u2019est \u00e0 la fois un magasin de v\u00e9los, un magasin de scooters et le concessionnaire des meilleures marques, comme Vespa.<\/li>\n<li>La qualit\u00e9 des produits que nous s\u00e9lectionnons soigneusement pour toujours vous offrir le meilleur.<\/li>\n<li>Une offre en permanence \u00e0 la pointe de l\u2019innovation, avec notamment un large assortiment de v\u00e9los \u00e9lectriques.<\/li>\n<li>La distribution en exclusivit\u00e9 pour Bruxelles de certains mod\u00e8les, comme les scooters MP3 trois roues.<\/li>\n<li>Un service apr\u00e8s-vente m\u00ealant qualit\u00e9 de l\u2019intervention et disponibilit\u00e9 maximale.<\/li>\n<\/ul>\n<p>Envie de tirer le meilleur profit de votre scooter, Vespa ou de votre v\u00e9lo ? Faites appel aux Cycles Devos !<\/p>\n<p>\u00a0<\/p>\n<div class=\"social-icons follow-icons full-width text-center\" ><a href=\"https:\/\/www.facebook.com\/cyclesdevos\/?ref=aymt_homepage_panel&#038;eid=ARB8dvhM3hdUi5gJtrma9Bxcv44pRIxbG593XuLMW4DdHugyhePXvfGLCJo318WEjR5q7OXU4NsGRNpD\" target=\"_blank\" data-label=\"Facebook\" class=\"icon primary button circle tooltip facebook\" title=\"Auf Facebook folgen\" aria-label=\"Auf Facebook folgen\" rel=\"noopener nofollow\"><i class=\"icon-facebook\" aria-hidden=\"true\"><\/i><\/a><a href=\"mailto:info@cyclesdevos.be\" data-label=\"E-mail\" target=\"_blank\" class=\"icon primary button circle tooltip email\" title=\"Sende uns eine E-Mail\" aria-label=\"Sende uns eine E-Mail\" rel=\"nofollow noopener\"><i class=\"icon-envelop\" aria-hidden=\"true\"><\/i><\/a><a href=\"tel:026486272\" data-label=\"Phone\" target=\"_blank\" class=\"icon primary button circle tooltip phone\" title=\"Rufe uns an\" aria-label=\"Rufe uns an\" rel=\"nofollow noopener\"><i class=\"icon-phone\" aria-hidden=\"true\"><\/i><\/a><a href=\"https:\/\/www.youtube.com\/@cyclesdevos1910\" data-label=\"YouTube\" target=\"_blank\" class=\"icon primary button circle tooltip youtube\" title=\"Auf YouTube folgen\" aria-label=\"Auf YouTube folgen\" rel=\"noopener nofollow\"><i class=\"icon-youtube\" aria-hidden=\"true\"><\/i><\/a><\/div>\n","protected":false},"excerpt":{"rendered":"<p>Cycles Devos &#8211; La r\u00e9f\u00e9rence des magasins de v\u00e9los et scooters \u00e0 Bruxelles! V\u00e9ritable institution du v\u00e9lo et du scooter \u00e0 Bruxelles, les Cycles Devos privil\u00e9gient avant tout la qualit\u00e9 des produits et du service, mais aussi l\u2019expertise et la passion pour tous les v\u00e9hicules \u00e0 deux roues\u2026 voire \u00e0 trois ! Cr\u00e9\u00e9e en 1910 [&#8230;]\n","protected":false},"author":1,"featured_media":0,"parent":0,"menu_order":0,"comment_status":"closed","ping_status":"closed","template":"","meta":{"footnotes":""},"class_list":["post-3806","page","type-page","status-publish","hentry"],"yoast_head":"<!-- This site is optimized with the Yoast SEO plugin v27.3 - https:\/\/yoast.com\/product\/yoast-seo-wordpress\/ -->\n<title>Accueil - Cycles Devos<\/title>\n<meta name=\"robots\" content=\"index, follow, max-snippet:-1, max-image-preview:large, max-video-preview:-1\" \/>\n<link rel=\"canonical\" href=\"https:\/\/cyclesdevos.be\/de\/\" \/>\n<meta property=\"og:locale\" content=\"de_DE\" \/>\n<meta property=\"og:type\" content=\"article\" \/>\n<meta property=\"og:title\" content=\"Accueil - Cycles Devos\" \/>\n<meta property=\"og:description\" content=\"Cycles Devos &#8211; La r\u00e9f\u00e9rence des magasins de v\u00e9los et scooters \u00e0 Bruxelles! V\u00e9ritable institution du v\u00e9lo et du scooter \u00e0 Bruxelles, les Cycles Devos privil\u00e9gient avant tout la qualit\u00e9 des produits et du service, mais aussi l\u2019expertise et la passion pour tous les v\u00e9hicules \u00e0 deux roues\u2026 voire \u00e0 trois ! Cr\u00e9\u00e9e en 1910 [...]\" \/>\n<meta property=\"og:url\" content=\"https:\/\/cyclesdevos.be\/de\/\" \/>\n<meta property=\"og:site_name\" content=\"Cycles Devos\" \/>\n<meta property=\"article:modified_time\" content=\"2026-04-21T09:28:16+00:00\" \/>\n<meta name=\"twitter:card\" content=\"summary_large_image\" \/>\n<meta name=\"twitter:label1\" content=\"Gesch\u00e4tzte Lesezeit\" \/>\n\t<meta name=\"twitter:data1\" content=\"5\u00a0Minuten\" \/>\n<script type=\"application\/ld+json\" class=\"yoast-schema-graph\">{\"@context\":\"https:\\\/\\\/schema.org\",\"@graph\":[{\"@type\":\"WebPage\",\"@id\":\"https:\\\/\\\/cyclesdevos.be\\\/\",\"url\":\"https:\\\/\\\/cyclesdevos.be\\\/\",\"name\":\"Accueil - Cycles Devos\",\"isPartOf\":{\"@id\":\"https:\\\/\\\/cyclesdevos.be\\\/#website\"},\"datePublished\":\"2017-02-11T10:12:10+00:00\",\"dateModified\":\"2026-04-21T09:28:16+00:00\",\"breadcrumb\":{\"@id\":\"https:\\\/\\\/cyclesdevos.be\\\/#breadcrumb\"},\"inLanguage\":\"de\",\"potentialAction\":[{\"@type\":\"ReadAction\",\"target\":[\"https:\\\/\\\/cyclesdevos.be\\\/\"]}]},{\"@type\":\"BreadcrumbList\",\"@id\":\"https:\\\/\\\/cyclesdevos.be\\\/#breadcrumb\",\"itemListElement\":[{\"@type\":\"ListItem\",\"position\":1,\"name\":\"Home\",\"item\":\"https:\\\/\\\/cyclesdevos.be\\\/\"},{\"@type\":\"ListItem\",\"position\":2,\"name\":\"Accueil\"}]},{\"@type\":\"WebSite\",\"@id\":\"https:\\\/\\\/cyclesdevos.be\\\/#website\",\"url\":\"https:\\\/\\\/cyclesdevos.be\\\/\",\"name\":\"Cycles Devos\",\"description\":\"Soci\u00e9t\u00e9 Familiale depuis 1910\",\"potentialAction\":[{\"@type\":\"SearchAction\",\"target\":{\"@type\":\"EntryPoint\",\"urlTemplate\":\"https:\\\/\\\/cyclesdevos.be\\\/?s={search_term_string}\"},\"query-input\":{\"@type\":\"PropertyValueSpecification\",\"valueRequired\":true,\"valueName\":\"search_term_string\"}}],\"inLanguage\":\"de\"}]}<\/script>\n<!-- \/ Yoast SEO plugin. -->","yoast_head_json":{"title":"Accueil - Cycles Devos","robots":{"index":"index","follow":"follow","max-snippet":"max-snippet:-1","max-image-preview":"max-image-preview:large","max-video-preview":"max-video-preview:-1"},"canonical":"https:\/\/cyclesdevos.be\/de\/","og_locale":"de_DE","og_type":"article","og_title":"Accueil - Cycles Devos","og_description":"Cycles Devos &#8211; La r\u00e9f\u00e9rence des magasins de v\u00e9los et scooters \u00e0 Bruxelles! V\u00e9ritable institution du v\u00e9lo et du scooter \u00e0 Bruxelles, les Cycles Devos privil\u00e9gient avant tout la qualit\u00e9 des produits et du service, mais aussi l\u2019expertise et la passion pour tous les v\u00e9hicules \u00e0 deux roues\u2026 voire \u00e0 trois ! Cr\u00e9\u00e9e en 1910 [...]","og_url":"https:\/\/cyclesdevos.be\/de\/","og_site_name":"Cycles Devos","article_modified_time":"2026-04-21T09:28:16+00:00","twitter_card":"summary_large_image","twitter_misc":{"Gesch\u00e4tzte Lesezeit":"5\u00a0Minuten"},"schema":{"@context":"https:\/\/schema.org","@graph":[{"@type":"WebPage","@id":"https:\/\/cyclesdevos.be\/","url":"https:\/\/cyclesdevos.be\/","name":"Accueil - Cycles Devos","isPartOf":{"@id":"https:\/\/cyclesdevos.be\/#website"},"datePublished":"2017-02-11T10:12:10+00:00","dateModified":"2026-04-21T09:28:16+00:00","breadcrumb":{"@id":"https:\/\/cyclesdevos.be\/#breadcrumb"},"inLanguage":"de","potentialAction":[{"@type":"ReadAction","target":["https:\/\/cyclesdevos.be\/"]}]},{"@type":"BreadcrumbList","@id":"https:\/\/cyclesdevos.be\/#breadcrumb","itemListElement":[{"@type":"ListItem","position":1,"name":"Home","item":"https:\/\/cyclesdevos.be\/"},{"@type":"ListItem","position":2,"name":"Accueil"}]},{"@type":"WebSite","@id":"https:\/\/cyclesdevos.be\/#website","url":"https:\/\/cyclesdevos.be\/","name":"Zyklen Devos","description":"Seit 1910 in Familienbesitz befindliches Unternehmen","potentialAction":[{"@type":"SearchAction","target":{"@type":"EntryPoint","urlTemplate":"https:\/\/cyclesdevos.be\/?s={search_term_string}"},"query-input":{"@type":"PropertyValueSpecification","valueRequired":true,"valueName":"search_term_string"}}],"inLanguage":"de"}]}},"_links":{"self":[{"href":"https:\/\/cyclesdevos.be\/de\/wp-json\/wp\/v2\/pages\/3806","targetHints":{"allow":["GET"]}}],"collection":[{"href":"https:\/\/cyclesdevos.be\/de\/wp-json\/wp\/v2\/pages"}],"about":[{"href":"https:\/\/cyclesdevos.be\/de\/wp-json\/wp\/v2\/types\/page"}],"author":[{"embeddable":true,"href":"https:\/\/cyclesdevos.be\/de\/wp-json\/wp\/v2\/users\/1"}],"replies":[{"embeddable":true,"href":"https:\/\/cyclesdevos.be\/de\/wp-json\/wp\/v2\/comments?post=3806"}],"version-history":[{"count":309,"href":"https:\/\/cyclesdevos.be\/de\/wp-json\/wp\/v2\/pages\/3806\/revisions"}],"predecessor-version":[{"id":29993,"href":"https:\/\/cyclesdevos.be\/de\/wp-json\/wp\/v2\/pages\/3806\/revisions\/29993"}],"wp:attachment":[{"href":"https:\/\/cyclesdevos.be\/de\/wp-json\/wp\/v2\/media?parent=3806"}],"curies":[{"name":"wp","href":"https:\/\/api.w.org\/{rel}","templated":true}]}}